{"id":39,"date":"2021-02-09T15:32:02","date_gmt":"2021-02-09T14:32:02","guid":{"rendered":"http:\/\/monperejeanmamy.fr\/?page_id=39"},"modified":"2023-03-15T16:30:25","modified_gmt":"2023-03-15T15:30:25","slug":"acceuil","status":"publish","type":"page","link":"https:\/\/monperejeanmamy.fr\/","title":{"rendered":"Accueil"},"content":{"rendered":"<h1 style=\"text-align: center;\"><span style=\"color: #ff0000;\">\u00a0<\/span><\/h1>\r\n<h1>Pourquoi ce site sur mon p\u00e8re, Jean Mamy ?<\/h1>\r\n<p style=\"text-align: justify;\">Je suis n\u00e9 en juillet 1944, de p\u00e8re inconnu. Ma m\u00e8re, c\u00e9libataire, m&rsquo;a \u00e9lev\u00e9 seule et ne m&rsquo;en n&rsquo;a jamais parl\u00e9. Je ne me suis jamais pos\u00e9 de question et ce n&rsquo;est qu&rsquo;\u00e0 vingt ans que j&rsquo;ai d\u00e9couvert l&rsquo;existence de ce p\u00e8re et que j&rsquo;avais un (demi) fr\u00e8re. J&rsquo;avais d\u00e9pass\u00e9 la cinquantaine quand j&rsquo;ai pu commencer \u00e0 savoir et comprendre qui il avait \u00e9t\u00e9, pourquoi il avait \u00e9t\u00e9 incarc\u00e9r\u00e9 en septembre 1944, jug\u00e9, condamn\u00e9 \u00e0 mort le jour de No\u00ebl 1948 et fusill\u00e9 le 29 mars 1949.<\/p>\r\n<p style=\"text-align: justify;\">Pour en savoir plus sur cette d\u00e9couverte : <a href=\"http:\/\/monperejeanmamy.fr\/?page_id=55\">cliquez ici.<\/a><\/p>\r\n<p style=\"text-align: justify;\"><strong><!-- \/wp:paragraph -->\r\n\r\n<!-- wp:paragraph --><\/strong><\/p>\r\n<p style=\"text-align: justify;\">J&rsquo;ai attendu d&rsquo;avoir plus de 70 ans pour d\u00e9cider d&rsquo;\u00e9crire un livre sur mon p\u00e8re, livre publi\u00e9 par les \u00e9ditions Auda Isarn (ISBN 978-2-917295-40-3) qui contenait de nombreux extraits de ce qu&rsquo;il avait \u00e9crit pendant les 54 mois de d\u00e9tention \u00e0 Fresnes qui ont pr\u00e9c\u00e9d\u00e9 son ex\u00e9cution dans les foss\u00e9s du Fort de Montrouge.<\/p>\r\n<p style=\"text-align: justify;\">J&rsquo;y annon\u00e7ais mon intention d&rsquo;en publier \u00e9ventuellement un jour tout ou partie sous une forme \u00e0 d\u00e9terminer quand les circonstances s&rsquo;y pr\u00eateraient.<\/p>\r\n<p style=\"text-align: justify;\">Mon fr\u00e8re, Bernard Mamy, \u00e2g\u00e9 aujourd&rsquo;hui de 89 ans, qui avait \u00e0 peine 17 ans quand son p\u00e8re a \u00e9t\u00e9 condamn\u00e9 \u00e0 mort et dont on peut imaginer l&rsquo;adolescence perturb\u00e9e qu&rsquo;il a v\u00e9cu, m&rsquo;a exprim\u00e9 son souhait de voir de son vivant certains des \u00e9crits de notre p\u00e8re sortir de l&rsquo;oubli. C&rsquo;est l&rsquo;objet du pr\u00e9sent site qui s&rsquo;enrichira au fil de mes disponibilit\u00e9s.<\/p>\r\n<p style=\"text-align: right;\">Fr\u00e9d\u00e9ric-Georges Roux<br \/>9 F\u00e9vrier 2021<\/p>\r\n<p style=\"text-align: justify;\"><span style=\"text-decoration: underline;\">Pour information<\/span> : mon fr\u00e8re Bernard nous a quitt\u00e9 le 3 f\u00e9vrier 2023 peu apr\u00e8s que j&rsquo;ai f\u00eat\u00e9 avec lui et son \u00e9pouse Jo\u00eble, ses 91 ans dans leur maison d&rsquo;Orange. Ses obs\u00e8ques ont eu lieu dans la plus stricte intimit\u00e9 du cadre familial le 8 f\u00e9vrier 2023.<\/p>\r\n<p style=\"text-align: right;\">Fr\u00e9d\u00e9ric-Georges Roux<br \/>8 F\u00e9vrier 2023<\/p>\r\n<p><strong><!-- \/wp:paragraph -->\r\n\r\n<!-- wp:paragraph --><\/strong><\/p>\r\n<h1>Mais qui \u00e9tait Jean Mamy ?<\/h1>\r\n<p><strong><!-- \/wp:paragraph -->\r\n\r\n<!-- wp:paragraph --><\/strong><\/p>\r\n<p style=\"text-align: justify;\">Jean Mamy est un personnage \u00e9trange et m\u00e9connu.<\/p>\r\n<p style=\"text-align: center;\">\u00c9tait-il Docteur Jekyll ou Mister Hyde ?<\/p>\r\n<p style=\"text-align: justify;\"><strong><!-- \/wp:paragraph -->\r\n\r\n<!-- wp:paragraph --><\/strong><\/p>\r\n<p style=\"text-align: justify;\">Cin\u00e9aste, metteur en sc\u00e8ne, producteur de nombreux films, homme de gauche pendant les ann\u00e9es 30, haut dignitaire franc-ma\u00e7on, Jean Mamy basculera au moment de la d\u00e9faite de 40 en opposant vindicatif au communisme et d\u00e9noncera violemment la franc-ma\u00e7onnerie en r\u00e9alisant le film <em>Forces Occultes<\/em>. Il manifestera un antis\u00e9mitisme de plume des plus odieux en tant que r\u00e9dacteur en chef des journaux collaborationnistes <em>L\u2019Appel<\/em> et <em>Au Pilori<\/em>. Son engagement pendant la collaboration ne lui sera pas pardonn\u00e9.<\/p>\r\n<p style=\"text-align: justify;\"><strong><!-- \/wp:paragraph -->\r\n\r\n<!-- wp:paragraph --><\/strong><\/p>\r\n<p style=\"text-align: justify;\">C\u2019est seulement sous cet angle insupportable et condamnable qu\u2019il reste aujourd\u2019hui dans la m\u00e9moire collective.<\/p>\r\n<p style=\"text-align: justify;\"><strong><!-- \/wp:paragraph -->\r\n\r\n<!-- wp:paragraph --><\/strong><\/p>\r\n<p style=\"text-align: justify;\">Cependant, ce personnage fut aussi un artiste, un homme de th\u00e9\u00e2tre, de cin\u00e9ma, un journaliste, un auteur\u2026 qui a beaucoup \u00e9crit, mais qui, n&rsquo;ayant jamais \u00e9t\u00e9 publi\u00e9, n\u2019a pas connu la notori\u00e9t\u00e9 d\u2019un C\u00e9line, d\u2019un Rebatet ou d\u2019un Brasillach. Ses \u0153uvres, dont beaucoup furent finalis\u00e9es pendant ses ann\u00e9es de prison, t\u00e9moignent d\u2019une certaine capacit\u00e9 litt\u00e9raire mais aussi d\u2019une dimension politique.<\/p>\r\n<p style=\"text-align: justify;\">Sa correspondance carc\u00e9rale priv\u00e9e (plusieurs centaines de lettres) avec la femme qui, devenue sa compagne, avait mis au monde en juillet 1944 un deuxi\u00e8me fils, priv\u00e9 de p\u00e8re, repr\u00e9sente une mine d\u2019informations.<\/p>\r\n<p style=\"text-align: justify;\">Ne serait-ce que dans un but de recherche historique, ces mat\u00e9riaux constituent un t\u00e9moignage de premi\u00e8re main in\u00e9dit sur une p\u00e9riode aussi intense et que trouble.<\/p>\r\n<h1 style=\"text-align: center;\"><span style=\"color: #ff0000;\">Avertissement<\/span><\/h1>\r\n<p style=\"text-align: justify;\">Tous les propos et \u00e9crits \u00e0 caract\u00e8re politique de Jean Mamy, certains in\u00e9dits, publi\u00e9s dans les pages du pr\u00e9sent site, sont authentiques et ne peuvent engager la responsabilit\u00e9 que de leur seul auteur, condamn\u00e9 \u00e0 mort et d\u00e9chu de ses droits civiques, moraux et patrimoniaux en 1948 et fusill\u00e9 en 1949.<\/p>\r\n<p style=\"text-align: justify;\">Leur mise en ligne par son fils naturel, Fr\u00e9d\u00e9ric-Georges Roux, n&rsquo;a d&rsquo;autre but que de livrer des \u00e9l\u00e9ments factuels dont l&rsquo;int\u00e9r\u00eat historique lui semble manifeste, sans la moindre caution concernant leur forme ou leur fond et surtout sans la moindre intention de r\u00e9habilitation d&rsquo;un p\u00e8re qu&rsquo;il n&rsquo;a pas connu mais qui, pour des raisons \u00e9videntes qu&rsquo;il est facile de comprendre, peut lui \u00eatre cher.<\/p>\r\n<p style=\"text-align: justify;\"><img loading=\"lazy\" class=\"wp-image-2589 alignright\" src=\"http:\/\/monperejeanmamy.fr\/wp-content\/uploads\/2021\/05\/disclaimer-300x200.jpg\" alt=\"\" width=\"165\" height=\"115\" \/>Fr\u00e9d\u00e9ric-Georges Roux d\u00e9cline ainsi toute responsabilit\u00e9 quant \u00e0 leur contenu.<\/p>\r\n<p style=\"text-align: justify;\">Pour de multiples raisons, certains de ces documents sont \u00e0 diffusion restreinte, ni imprimables, ni t\u00e9l\u00e9chargeables. Pour en savoir plus <a href=\"http:\/\/monperejeanmamy.fr\/?page_id=115\">cliquez ici.<\/a><\/p>\r\n<p>&nbsp;<\/p>","protected":false},"excerpt":{"rendered":"<p>\u00a0 Pourquoi ce site sur mon p\u00e8re, Jean Mamy ? Je suis n\u00e9 en juillet 1944, de p\u00e8re inconnu. Ma m\u00e8re, c\u00e9libataire, m&rsquo;a \u00e9lev\u00e9 seule et ne m&rsquo;en n&rsquo;a jamais parl\u00e9. Je ne me suis jamais pos\u00e9 de question et &hellip; <a href=\"https:\/\/monperejeanmamy.fr\/\">Continuer la lecture <span class=\"meta-nav\">&rarr;<\/span><\/a><\/p>\n","protected":false},"author":1,"featured_media":0,"parent":0,"menu_order":0,"comment_status":"closed","ping_status":"closed","template":"sidebar-page.php","meta":[],"folder":[],"_links":{"self":[{"href":"https:\/\/monperejeanmamy.fr\/index.php?rest_route=\/wp\/v2\/pages\/39"}],"collection":[{"href":"https:\/\/monperejeanmamy.fr\/index.php?rest_route=\/wp\/v2\/pages"}],"about":[{"href":"https:\/\/monperejeanmamy.fr\/index.php?rest_route=\/wp\/v2\/types\/page"}],"author":[{"embeddable":true,"href":"https:\/\/monperejeanmamy.fr\/index.php?rest_route=\/wp\/v2\/users\/1"}],"replies":[{"embeddable":true,"href":"https:\/\/monperejeanmamy.fr\/index.php?rest_route=%2Fwp%2Fv2%2Fcomments&post=39"}],"version-history":[{"count":22,"href":"https:\/\/monperejeanmamy.fr\/index.php?rest_route=\/wp\/v2\/pages\/39\/revisions"}],"predecessor-version":[{"id":3190,"href":"https:\/\/monperejeanmamy.fr\/index.php?rest_route=\/wp\/v2\/pages\/39\/revisions\/3190"}],"wp:attachment":[{"href":"https:\/\/monperejeanmamy.fr\/index.php?rest_route=%2Fwp%2Fv2%2Fmedia&parent=39"}],"wp:term":[{"taxonomy":"folder","embeddable":true,"href":"https:\/\/monperejeanmamy.fr\/index.php?rest_route=%2Fwp%2Fv2%2Ffolder&post=39"}],"curies":[{"name":"wp","href":"https:\/\/api.w.org\/{rel}","templated":true}]}}